{"id":1150,"date":"2023-09-12T09:58:32","date_gmt":"2023-09-12T09:58:32","guid":{"rendered":"https:\/\/www.sindarick.fr\/wordpress\/?page_id=1150"},"modified":"2023-09-12T09:58:33","modified_gmt":"2023-09-12T09:58:33","slug":"le-jour-ou-la-lune-et-le-soleil-se-rencontrerent","status":"publish","type":"page","link":"https:\/\/www.sindarick.fr\/wordpress\/?page_id=1150","title":{"rendered":"Le jour o\u00f9 la lune et le soleil se rencontr\u00e8rent"},"content":{"rendered":"\n<div class=\"wp-block-buttons is-horizontal is-content-justification-center is-layout-flex wp-container-core-buttons-is-layout-499968f5 wp-block-buttons-is-layout-flex\">\n<div class=\"wp-block-button has-custom-width wp-block-button__width-25 has-custom-font-size is-style-outline is-style-outline--1\" style=\"font-size:12px\"><a class=\"wp-block-button__link wp-element-button\">    Epub     <\/a><\/div>\n\n\n\n<div class=\"wp-block-button has-custom-width wp-block-button__width-25 has-custom-font-size is-style-outline is-style-outline--2\" style=\"font-size:12px\"><a class=\"wp-block-button__link wp-element-button\" href=\"https:\/\/www.amazon.fr\/jour-o%C3%B9-lune-soleil-rencontr%C3%A8rent\/dp\/B0BPKV33JY\/ref=sr_1_3?__mk_fr_FR=%C3%85M%C3%85%C5%BD%C3%95%C3%91&amp;keywords=stephane+Tarrade&amp;qid=1694511904&amp;sr=8-3\">Broch\u00e9<\/a><\/div>\n\n\n\n<div class=\"wp-block-button has-custom-width wp-block-button__width-25 has-custom-font-size is-style-outline is-style-outline--3\" style=\"font-size:12px\"><a class=\"wp-block-button__link wp-element-button\" href=\"https:\/\/www.amazon.fr\/jour-o%C3%B9-lune-soleil-rencontr%C3%A8rent-ebook\/dp\/B0BPPWVSWY\/ref=tmm_kin_swatch_0?_encoding=UTF8&amp;qid=1694511904&amp;sr=8-3\">Kindle <\/a><\/div>\n\n\n\n<div class=\"wp-block-button has-custom-width wp-block-button__width-25 has-custom-font-size is-style-outline is-style-outline--4\" style=\"font-size:12px\"><a class=\"wp-block-button__link wp-element-button\">pdf <\/a><\/div>\n<\/div>\n\n\n\n<p>Le livre papier (broch\u00e9) est \u00e0 18 euros et les versions num\u00e9riques \u00e0 4,99 euros. <\/p>\n\n\n<div class=\"wp-block-image\">\n<figure class=\"aligncenter size-large\"><a href=\"https:\/\/www.sindarick.fr\/wordpress\/wp-content\/uploads\/2023\/09\/Le-jour-ou-la-lune-ebook.jpg\"><img loading=\"lazy\" decoding=\"async\" width=\"720\" height=\"1024\" src=\"https:\/\/www.sindarick.fr\/wordpress\/wp-content\/uploads\/2023\/09\/Le-jour-ou-la-lune-ebook-720x1024.jpg\" alt=\"\" class=\"wp-image-1151\" srcset=\"https:\/\/www.sindarick.fr\/wordpress\/wp-content\/uploads\/2023\/09\/Le-jour-ou-la-lune-ebook-720x1024.jpg 720w, https:\/\/www.sindarick.fr\/wordpress\/wp-content\/uploads\/2023\/09\/Le-jour-ou-la-lune-ebook-211x300.jpg 211w, https:\/\/www.sindarick.fr\/wordpress\/wp-content\/uploads\/2023\/09\/Le-jour-ou-la-lune-ebook-768x1092.jpg 768w, https:\/\/www.sindarick.fr\/wordpress\/wp-content\/uploads\/2023\/09\/Le-jour-ou-la-lune-ebook-1080x1536.jpg 1080w, https:\/\/www.sindarick.fr\/wordpress\/wp-content\/uploads\/2023\/09\/Le-jour-ou-la-lune-ebook-1440x2048.jpg 1440w, https:\/\/www.sindarick.fr\/wordpress\/wp-content\/uploads\/2023\/09\/Le-jour-ou-la-lune-ebook-350x498.jpg 350w, https:\/\/www.sindarick.fr\/wordpress\/wp-content\/uploads\/2023\/09\/Le-jour-ou-la-lune-ebook.jpg 1800w\" sizes=\"auto, (max-width: 720px) 100vw, 720px\" \/><\/a><\/figure>\n<\/div>\n\n\n<p class=\"has-text-align-center has-large-font-size\">Une alchimie subtile entre le conte et l&#8217;aventure<\/p>\n\n\n\n<p class=\"has-medium-font-size\"><mark style=\"background-color:rgba(0, 0, 0, 0);color:#c8a301\" class=\"has-inline-color\"><strong>Un jour, la lune et le soleil se rencontr\u00e8rent&#8230;<\/strong><\/mark><\/p>\n\n\n\n<p class=\"has-medium-font-size\">S\u00e9l\u00e8ne, la jeune berg\u00e8re adopt\u00e9e par les villageois du Valf\u00e9e, a \u00e9t\u00e9 d\u00e9couverte, sur le bord d\u2019un \u00e9tang, compl\u00e8tement amn\u00e9sique. Elle n\u2019a de cesse de rechercher le myst\u00e8re de ses origines, mais il se d\u00e9robe toujours. Ne r\u00e9siderait-il pas dans les \u00e9tranges r\u00eaves qu\u2019elle fait\u2009? Entre l\u2019ombre et la lumi\u00e8re, la fronti\u00e8re est parfois t\u00e9nue, la jeune femme ne cacherait-elle pas un terrible secret, un de ceux que l\u2019on pr\u00e9f\u00e8re oublier\u2009?<\/p>\n\n\n\n<p class=\"has-medium-font-size\">Appolian, quant \u00e0 lui, est l\u2019apprenti de ma\u00eetre Isengrin, un alchimiste r\u00e9put\u00e9. Ce dernier l\u2019a lanc\u00e9 \u00e0 la recherche de la myst\u00e9rieuse pierre de lune, un joyau aux propri\u00e9t\u00e9s uniques, et cette qu\u00eate \u00e9sot\u00e9rique va le mener bien plus loin qu\u2019il ne l\u2019imaginait.<\/p>\n\n\n\n<p class=\"has-medium-font-size\">Alors que les loups r\u00f4dent tout autour, qu\u2019ils osent s\u2019en prendre aux habitants et se comportent de mani\u00e8re surnaturelle, S\u00e9l\u00e8ne et Appolian vont comprendre qu\u2019une terrible menace p\u00e8se sur tout le village et plus particuli\u00e8rement sur eux. En qu\u00eate de myst\u00e8re alchimique ou d\u2019identit\u00e9, leurs destins vont se croiser pour les mener vers une incroyable r\u00e9v\u00e9lation.<\/p>\n\n\n\n<p class=\"has-medium-font-size\">Ce roman, impr\u00e9gn\u00e9 d\u2019une savante alchimie de po\u00e9sie et d\u2019aventure, vous entra\u00eenera aux portes de nos r\u00eaves, dans un monde f\u00e9\u00e9rique, \u00e9trange et merveilleux.<\/p>\n\n\n\n<p class=\"has-medium-font-size\">Et, croyez-le ou ne le croyez pas, un jour, la lune et se soleil se rencontr\u00e8rent\u2026<\/p>\n\n\n\n<p class=\"has-medium-font-size\"><\/p>\n\n\n\n<figure class=\"wp-block-image size-large\"><a href=\"https:\/\/www.sindarick.fr\/wordpress\/wp-content\/uploads\/2023\/09\/Le-jour-ou-la-lune-ebook.jpg\"><img loading=\"lazy\" decoding=\"async\" width=\"720\" height=\"1024\" src=\"https:\/\/www.sindarick.fr\/wordpress\/wp-content\/uploads\/2023\/09\/Le-jour-ou-la-lune-ebook-720x1024.jpg\" alt=\"\" class=\"wp-image-1151\" srcset=\"https:\/\/www.sindarick.fr\/wordpress\/wp-content\/uploads\/2023\/09\/Le-jour-ou-la-lune-ebook-720x1024.jpg 720w, https:\/\/www.sindarick.fr\/wordpress\/wp-content\/uploads\/2023\/09\/Le-jour-ou-la-lune-ebook-211x300.jpg 211w, https:\/\/www.sindarick.fr\/wordpress\/wp-content\/uploads\/2023\/09\/Le-jour-ou-la-lune-ebook-768x1092.jpg 768w, https:\/\/www.sindarick.fr\/wordpress\/wp-content\/uploads\/2023\/09\/Le-jour-ou-la-lune-ebook-1080x1536.jpg 1080w, https:\/\/www.sindarick.fr\/wordpress\/wp-content\/uploads\/2023\/09\/Le-jour-ou-la-lune-ebook-1440x2048.jpg 1440w, https:\/\/www.sindarick.fr\/wordpress\/wp-content\/uploads\/2023\/09\/Le-jour-ou-la-lune-ebook-350x498.jpg 350w, https:\/\/www.sindarick.fr\/wordpress\/wp-content\/uploads\/2023\/09\/Le-jour-ou-la-lune-ebook.jpg 1800w\" sizes=\"auto, (max-width: 720px) 100vw, 720px\" \/><\/a><\/figure>\n\n\n\n<div class=\"wp-block-buttons is-horizontal is-content-justification-center is-layout-flex wp-container-core-buttons-is-layout-499968f5 wp-block-buttons-is-layout-flex\">\n<div class=\"wp-block-button has-custom-width wp-block-button__width-25 has-custom-font-size is-style-outline is-style-outline--5\" style=\"font-size:12px\"><a class=\"wp-block-button__link wp-element-button\">    Epub     <\/a><\/div>\n\n\n\n<div class=\"wp-block-button has-custom-width wp-block-button__width-25 has-custom-font-size is-style-outline is-style-outline--6\" style=\"font-size:12px\"><a class=\"wp-block-button__link wp-element-button\" href=\"https:\/\/www.amazon.fr\/jour-o%C3%B9-lune-soleil-rencontr%C3%A8rent\/dp\/B0BPKV33JY\/ref=sr_1_3?__mk_fr_FR=%C3%85M%C3%85%C5%BD%C3%95%C3%91&amp;keywords=stephane+Tarrade&amp;qid=1694511904&amp;sr=8-3\">Broch\u00e9<\/a><\/div>\n\n\n\n<div class=\"wp-block-button has-custom-width wp-block-button__width-25 has-custom-font-size is-style-outline is-style-outline--7\" style=\"font-size:12px\"><a class=\"wp-block-button__link wp-element-button\" href=\"https:\/\/www.amazon.fr\/jour-o%C3%B9-lune-soleil-rencontr%C3%A8rent-ebook\/dp\/B0BPPWVSWY\/ref=tmm_kin_swatch_0?_encoding=UTF8&amp;qid=1694511904&amp;sr=8-3\">Kindle <\/a><\/div>\n\n\n\n<div class=\"wp-block-button has-custom-width wp-block-button__width-25 has-custom-font-size is-style-outline is-style-outline--8\" style=\"font-size:12px\"><a class=\"wp-block-button__link wp-element-button\">pdf <\/a><\/div>\n<\/div>\n\n\n\n<p class=\"has-large-font-size\">Extrait :<\/p>\n\n\n\n<p class=\"has-medium-font-size\"><em>Je grimpe quatre \u00e0 quatre les marches d\u2019une tour. La pierre dure endolorit mes pieds nus. Je manque de tr\u00e9bucher en m\u2019emp\u00eatrant dans ma robe longue. Je crie et je pleure \u00e0 la fois. Vite\u2009! Cet escalier en colima\u00e7on n\u2019en finit pas. Les moellons sombres d\u00e9filent les uns apr\u00e8s les autres, tous identiques. Je n\u2019ai pas le temps de d\u00e9tailler les ciselures ici ou l\u00e0, ou bien ce que peuvent figurer les statuettes dans les alc\u00f4ves. Je fuis. Il est derri\u00e8re moi. Je glisse et me rel\u00e8ve aussit\u00f4t, mon visage a heurt\u00e9 le sol, mais je ne sens rien. Une voix forte r\u00e9sonne dans mon dos, un cri, un hurlement qui se fraye un passage jusqu\u2019\u00e0 moi bien plus vite que je ne peux gravir les niveaux de cet interminable \u00e9difice. Il est derri\u00e8re moi, c\u2019est tout ce qui compte. Je ne veux pas qu\u2019il me prenne. Ma robe de velours bleu, d\u00e9licatement brod\u00e9e, orn\u00e9e de rubans d\u2019argent me trahit une fois de plus, lorsque je m\u2019emp\u00eatre dans ses plis. Mais je me rel\u00e8ve. Tout est confus. J\u2019en suis \u00e0 ne plus savoir pourquoi je cours, habit\u00e9e par la frayeur qu\u2019\u00e9prouve la biche pourchass\u00e9e par la meute ni m\u00eame qui je fuis. Est-ce sire Bertrand, le ma\u00eetre du castel, qui me poursuit ainsi de sa terrible assiduit\u00e9\u2009?<\/em><\/p>\n\n\n\n<p class=\"has-medium-font-size\"><em>L\u2019air, enfin. Le ciel\u2009! Mais en haut, tout en haut, il n\u2019y a pas d\u2019issue. Rien d\u2019autre qu\u2019un vent glac\u00e9 qui emporte ma longue chevelure. Des cr\u00e9neaux sombres qui me cernent. Une prison. Son affreuse voix remonte le conduit de l\u2019escalier. Il arrive. Instinctivement, je recule. Trop vivement. Je bascule entre deux merlons. Non\u2009! Je chois\u2009! C\u2019en est fini\u2009! Plus rien ne me retient, plus de barreaux, plus de murs, plus rien\u2026 Je me sens l\u00e9g\u00e8re, gris\u00e9e par le vent qui me fouette le visage. Je ne sais pas si je tombe ou si je vole. Ma robe ne s\u2019est-elle pas chang\u00e9e en ailes de papillons\u2009? Bien s\u00fbr que non. Je ferme les yeux pour \u00e9chapper \u00e0 la r\u00e9alit\u00e9. Je sais bien que tout ceci n\u2019est pas vrai, ce n\u2019est pas possible\u2009! Je ne veux pas mourir. Je souhaite avoir le temps de m\u2019inventer une autre vie avant\u2026 La chute est tout aussi interminable que la mont\u00e9e. M\u00eame priv\u00e9e de ma vue, j\u2019imagine le fa\u00eete cruel de la tour s\u2019\u00e9loigner \u00e0 grande vitesse et la d\u00e9ception de son seigneur. C\u2019est une maigre satisfaction. Je me laisse aller, je m\u2019abandonne, me figurant des ailes miraculeuses pour m\u2019\u00e9pargner l\u2019issue fatale&#8230;<\/em><\/p>\n\n\n\n<p class=\"has-medium-font-size\"><em>L\u2019\u00e9treinte glac\u00e9e de l\u2019eau. De grandes gerbes jaillissent jusqu\u2019au ciel pendant que je m\u2019enfonce dans l\u2019onde. Je suis vivante\u2009! Je risque de me noyer, mais je ris\u2009! Ballott\u00e9e par les flots, je remonte \u00e0 la surface alors que des myriades de gouttelettes brillantes tombent en pluie autour de moi. J\u2019inspire une grande bouff\u00e9e d\u2019oxyg\u00e8ne, l\u2019euphorie s\u2019empare de moi. Des douves\u2009? Je ne les ai jamais remarqu\u00e9es. Ne sont-ce pas des frondaisons \u00e0 travers lesquelles filtre le clair de lune\u2009? Ne suis-je pas dans quelque for\u00eat\u2009? Je ne le saurai pas. Mes forces et mon esprit m\u2019abandonnent. Je coule.<\/em><\/p>\n\n\n\n<p class=\"has-medium-font-size\"><\/p>\n\n\n\n<figure class=\"wp-block-image size-large\"><a href=\"https:\/\/www.sindarick.fr\/wordpress\/wp-content\/uploads\/2023\/09\/Le-jour-ou-la-lune-ebook.jpg\"><img loading=\"lazy\" decoding=\"async\" width=\"720\" height=\"1024\" src=\"https:\/\/www.sindarick.fr\/wordpress\/wp-content\/uploads\/2023\/09\/Le-jour-ou-la-lune-ebook-720x1024.jpg\" alt=\"\" class=\"wp-image-1151\" srcset=\"https:\/\/www.sindarick.fr\/wordpress\/wp-content\/uploads\/2023\/09\/Le-jour-ou-la-lune-ebook-720x1024.jpg 720w, https:\/\/www.sindarick.fr\/wordpress\/wp-content\/uploads\/2023\/09\/Le-jour-ou-la-lune-ebook-211x300.jpg 211w, https:\/\/www.sindarick.fr\/wordpress\/wp-content\/uploads\/2023\/09\/Le-jour-ou-la-lune-ebook-768x1092.jpg 768w, https:\/\/www.sindarick.fr\/wordpress\/wp-content\/uploads\/2023\/09\/Le-jour-ou-la-lune-ebook-1080x1536.jpg 1080w, https:\/\/www.sindarick.fr\/wordpress\/wp-content\/uploads\/2023\/09\/Le-jour-ou-la-lune-ebook-1440x2048.jpg 1440w, https:\/\/www.sindarick.fr\/wordpress\/wp-content\/uploads\/2023\/09\/Le-jour-ou-la-lune-ebook-350x498.jpg 350w, https:\/\/www.sindarick.fr\/wordpress\/wp-content\/uploads\/2023\/09\/Le-jour-ou-la-lune-ebook.jpg 1800w\" sizes=\"auto, (max-width: 720px) 100vw, 720px\" \/><\/a><\/figure>\n\n\n\n<div class=\"wp-block-buttons is-horizontal is-content-justification-center is-layout-flex wp-container-core-buttons-is-layout-499968f5 wp-block-buttons-is-layout-flex\">\n<div class=\"wp-block-button has-custom-width wp-block-button__width-25 has-custom-font-size is-style-outline is-style-outline--9\" style=\"font-size:12px\"><a class=\"wp-block-button__link wp-element-button\">    Epub     <\/a><\/div>\n\n\n\n<div class=\"wp-block-button has-custom-width wp-block-button__width-25 has-custom-font-size is-style-outline is-style-outline--10\" style=\"font-size:12px\"><a class=\"wp-block-button__link wp-element-button\" href=\"https:\/\/www.amazon.fr\/jour-o%C3%B9-lune-soleil-rencontr%C3%A8rent\/dp\/B0BPKV33JY\/ref=sr_1_3?__mk_fr_FR=%C3%85M%C3%85%C5%BD%C3%95%C3%91&amp;keywords=stephane+Tarrade&amp;qid=1694511904&amp;sr=8-3\">Broch\u00e9<\/a><\/div>\n\n\n\n<div class=\"wp-block-button has-custom-width wp-block-button__width-25 has-custom-font-size is-style-outline is-style-outline--11\" style=\"font-size:12px\"><a class=\"wp-block-button__link wp-element-button\" href=\"https:\/\/www.amazon.fr\/jour-o%C3%B9-lune-soleil-rencontr%C3%A8rent-ebook\/dp\/B0BPPWVSWY\/ref=tmm_kin_swatch_0?_encoding=UTF8&amp;qid=1694511904&amp;sr=8-3\">Kindle <\/a><\/div>\n\n\n\n<div class=\"wp-block-button has-custom-width wp-block-button__width-25 has-custom-font-size is-style-outline is-style-outline--12\" style=\"font-size:12px\"><a class=\"wp-block-button__link wp-element-button\">pdf <\/a><\/div>\n<\/div>\n","protected":false},"excerpt":{"rendered":"<p>Le livre papier (broch\u00e9) est \u00e0 18 euros et les versions num\u00e9riques \u00e0 4,99 euros. Une alchimie subtile entre le conte et l&#8217;aventure Un jour, la lune et le soleil se rencontr\u00e8rent&#8230; S\u00e9l\u00e8ne, la jeune berg\u00e8re adopt\u00e9e par les villageois du Valf\u00e9e, a \u00e9t\u00e9 d\u00e9couverte, sur le bord d\u2019un \u00e9tang, compl\u00e8tement amn\u00e9sique. Elle n\u2019a de &hellip; <\/p>\n<p class=\"link-more\"><a href=\"https:\/\/www.sindarick.fr\/wordpress\/?page_id=1150\" class=\"more-link\">Continuer la lecture<span class=\"screen-reader-text\"> de &laquo;&nbsp;Le jour o\u00f9 la lune et le soleil se rencontr\u00e8rent&nbsp;&raquo;<\/span><\/a><\/p>\n","protected":false},"author":1,"featured_media":0,"parent":989,"menu_order":0,"comment_status":"closed","ping_status":"closed","template":"","meta":{"footnotes":""},"class_list":["post-1150","page","type-page","status-publish","hentry"],"_links":{"self":[{"href":"https:\/\/www.sindarick.fr\/wordpress\/index.php?rest_route=\/wp\/v2\/pages\/1150","targetHints":{"allow":["GET"]}}],"collection":[{"href":"https:\/\/www.sindarick.fr\/wordpress\/index.php?rest_route=\/wp\/v2\/pages"}],"about":[{"href":"https:\/\/www.sindarick.fr\/wordpress\/index.php?rest_route=\/wp\/v2\/types\/page"}],"author":[{"embeddable":true,"href":"https:\/\/www.sindarick.fr\/wordpress\/index.php?rest_route=\/wp\/v2\/users\/1"}],"replies":[{"embeddable":true,"href":"https:\/\/www.sindarick.fr\/wordpress\/index.php?rest_route=%2Fwp%2Fv2%2Fcomments&post=1150"}],"version-history":[{"count":1,"href":"https:\/\/www.sindarick.fr\/wordpress\/index.php?rest_route=\/wp\/v2\/pages\/1150\/revisions"}],"predecessor-version":[{"id":1152,"href":"https:\/\/www.sindarick.fr\/wordpress\/index.php?rest_route=\/wp\/v2\/pages\/1150\/revisions\/1152"}],"up":[{"embeddable":true,"href":"https:\/\/www.sindarick.fr\/wordpress\/index.php?rest_route=\/wp\/v2\/pages\/989"}],"wp:attachment":[{"href":"https:\/\/www.sindarick.fr\/wordpress\/index.php?rest_route=%2Fwp%2Fv2%2Fmedia&parent=1150"}],"curies":[{"name":"wp","href":"https:\/\/api.w.org\/{rel}","templated":true}]}}