{"id":799,"date":"2021-10-28T09:38:34","date_gmt":"2021-10-28T09:38:34","guid":{"rendered":"https:\/\/www.sindarick.fr\/wordpress\/?page_id=799"},"modified":"2021-10-28T09:38:34","modified_gmt":"2021-10-28T09:38:34","slug":"politique-de-confidentialite","status":"publish","type":"page","link":"https:\/\/www.sindarick.fr\/wordpress\/?page_id=799","title":{"rendered":"Politique de confidentialit\u00e9"},"content":{"rendered":"\n<p><strong>POLITIQUE DE CONFIDENTIALIT\u00c9 DU SITE&nbsp;:<\/strong><\/p>\n\n\n\n<p>http:\/\/www.stephanetarradeauteur.sindarick.fr\/<\/p>\n\n\n\n<p><br><strong>ARTICLE 1&nbsp;: PR\u00c9AMBULE<\/strong><\/p>\n\n\n\n<p><br>Cette politique de confidentialit\u00e9 s&#8217;applique au site&nbsp;:&nbsp;<\/p>\n\n\n\n<p>http:\/\/www.stephanetarradeauteur.sindarick.fr\/<br><br><\/p>\n\n\n\n<p>La pr\u00e9sente politique de confidentialit\u00e9 a pour but d&#8217;exposer aux utilisateurs du site&nbsp;:<\/p>\n\n\n\n<ul class=\"wp-block-list\"><li>La mani\u00e8re dont sont collect\u00e9es et trait\u00e9es leurs donn\u00e9es \u00e0 caract\u00e8re personnel. Doivent \u00eatre consid\u00e9r\u00e9es comme donn\u00e9es personnelles toutes les donn\u00e9es \u00e9tant susceptibles d&#8217;identifier un utilisateur. Il s&#8217;agit notamment du pr\u00e9nom et du nom, de l&#8217;\u00e2ge, de l&#8217;adresse postale, l&#8217;adresse mail, la localisation de l&#8217;utilisateur ou encore son adresse IP&nbsp;;&nbsp;<\/li><li>Quels sont les droits des utilisateurs concernant ces donn\u00e9es&nbsp;;&nbsp;<\/li><li>Qui est responsable du traitement des donn\u00e9es \u00e0 caract\u00e8re personnel collect\u00e9es et trait\u00e9es&nbsp;;&nbsp;<\/li><li>A qui ces donn\u00e9es sont transmises&nbsp;;&nbsp;<\/li><li>Eventuellement, la politique du site en mati\u00e8re de fichiers &#8220;cookies&#8221;.&nbsp;<\/li><\/ul>\n\n\n\n<p><br><br><strong>ARTICLE 2&nbsp;: PRINCIPES G\u00c9N\u00c9RAUX EN MATI\u00c8RE DE COLLECTE ET DE TRAITEMENT DE DONN\u00c9ES<\/strong><\/p>\n\n\n\n<p><br>Conform\u00e9ment aux dispositions de l&#8217;article 5 du R\u00e8glement europ\u00e9en 2016\/679, la collecte et le traitement des donn\u00e9es des utilisateurs du site respectent les principes suivants&nbsp;:<\/p>\n\n\n\n<ul class=\"wp-block-list\"><li>Lic\u00e9it\u00e9, loyaut\u00e9 et transparence\u00a0: les donn\u00e9es ne peuvent \u00eatre collect\u00e9es et trait\u00e9es qu&#8217;avec le consentement de l&#8217;utilisateur propri\u00e9taire des donn\u00e9es. A chaque fois que des donn\u00e9es \u00e0 caract\u00e8re personnel seront collect\u00e9es, il sera indiqu\u00e9 \u00e0 l&#8217;utilisateur que ses donn\u00e9es sont collect\u00e9es, et pour quelles raisons ses donn\u00e9es sont collect\u00e9es\u00a0;\u00a0<\/li><li>Finalit\u00e9s limit\u00e9es\u00a0: la collecte et le traitement des donn\u00e9es sont ex\u00e9cut\u00e9s pour r\u00e9pondre \u00e0 un ou plusieurs objectifs d\u00e9termin\u00e9s dans les pr\u00e9sentes conditions g\u00e9n\u00e9rales d&#8217;utilisation\u00a0;\u00a0<\/li><li>Minimisation de la collecte et du traitement des donn\u00e9es\u00a0: seules les donn\u00e9es n\u00e9cessaires \u00e0 la bonne ex\u00e9cution des objectifs poursuivis par le site sont collect\u00e9es\u00a0;\u00a0<\/li><li>Conservation des donn\u00e9es r\u00e9duites dans le temps\u00a0: les donn\u00e9es sont conserv\u00e9es pour une dur\u00e9e limit\u00e9e, dont l&#8217;utilisateur est inform\u00e9. Si la dur\u00e9e de conservation ne peut \u00eatre communiqu\u00e9e \u00e0 l&#8217;utilisateur\u00a0;\u00a0<\/li><li>Int\u00e9grit\u00e9 et confidentialit\u00e9 des donn\u00e9es collect\u00e9es et trait\u00e9es\u00a0: le responsable du traitement des donn\u00e9es s&#8217;engage \u00e0 garantir l&#8217;int\u00e9grit\u00e9 et la confidentialit\u00e9 des donn\u00e9es collect\u00e9es.\u00a0\u00a0<br><br>\u00a0<\/li><li>Afin d&#8217;\u00eatre licites, et ce conform\u00e9ment aux exigences de l&#8217;article 6 du r\u00e8glement europ\u00e9en 2016\/679, la collecte et le traitement des donn\u00e9es \u00e0 caract\u00e8re personnel ne pourront intervenir que s&#8217;ils respectent au moins l&#8217;une des conditions ci-apr\u00e8s \u00e9num\u00e9r\u00e9es\u00a0:<\/li><\/ul>\n\n\n\n<ul class=\"wp-block-list\"><li>L&#8217;utilisateur a express\u00e9ment consenti au traitement&nbsp;;&nbsp;<\/li><li>Le traitement est n\u00e9cessaire \u00e0 la bonne ex\u00e9cution d&#8217;un contrat&nbsp;;&nbsp;<\/li><li>Le traitement r\u00e9pond \u00e0 une obligation l\u00e9gale&nbsp;;&nbsp;<\/li><li>Le traitement s&#8217;explique par une n\u00e9cessit\u00e9 li\u00e9e \u00e0 la sauvegarde des int\u00e9r\u00eats vitaux de la personne concern\u00e9e ou d&#8217;une autre personne physique&nbsp;;&nbsp;<\/li><li>Le traitement peut s&#8217;expliquer par une n\u00e9cessit\u00e9 li\u00e9e \u00e0 l&#8217;ex\u00e9cution d&#8217;une mission d&#8217;int\u00e9r\u00eat public ou qui rel\u00e8ve de l&#8217;exercice de l&#8217;autorit\u00e9 publique&nbsp;;&nbsp;<\/li><li>Le traitement et la collecte des donn\u00e9es \u00e0 caract\u00e8re personnel sont n\u00e9cessaires aux fins des int\u00e9r\u00eats l\u00e9gitimes et priv\u00e9s poursuivis par le responsable du traitement ou par un tiers.&nbsp;<\/li><\/ul>\n\n\n\n<p><br><strong>ARTICLE 3&nbsp;: DONN\u00c9ES \u00c0 CARACT\u00c8RE PERSONNEL COLLECT\u00c9ES ET TRAIT\u00c9ES DANS LE CADRE DE LA NAVIGATION SUR LE SITE<\/strong><\/p>\n\n\n\n<p><br><strong>A.&nbsp;<\/strong>DONN\u00c9ES COLLECT\u00c9ES ET TRAIT\u00c9ES ET MODE DE COLLECTE<\/p>\n\n\n\n<p>Les donn\u00e9es \u00e0 caract\u00e8re personnel collect\u00e9es sur le site sont les suivantes&nbsp;:<\/p>\n\n\n\n<p>Pr\u00e9nom, adresse mail, IP<\/p>\n\n\n\n<p>Ces donn\u00e9es sont collect\u00e9es lorsque l&#8217;utilisateur effectue l&#8217;une des op\u00e9rations suivantes sur le site&nbsp;:<\/p>\n\n\n\n<p>Lorsque l&#8217;utilisateur s&#8217;inscrit sur le site ou lorsqu&#8217;il ach\u00e8te un des produits propos\u00e9s.<\/p>\n\n\n\n<p>Par ailleurs, lors d&#8217;un paiement sur le site, il sera conserv\u00e9 dans les syst\u00e8mes informatiques de l&#8217;\u00e9diteur du site une preuve de la transaction comprenant le bon de commande et la facture.<\/p>\n\n\n\n<p>Le responsable du traitement conservera dans ses syst\u00e8mes informatiques du site et dans des conditions raisonnables de s\u00e9curit\u00e9 l&#8217;ensemble des donn\u00e9es collect\u00e9es pour une dur\u00e9e de&nbsp;: 3 ans post inscription, ou trois ans apr\u00e9s la derni\u00e8re connexion \u00e0 la formation pour les membres.<\/p>\n\n\n\n<p>La collecte et le traitement des donn\u00e9es r\u00e9pondent aux finalit\u00e9s suivantes&nbsp;:<\/p>\n\n\n\n<p>Les donn\u00e9es collect\u00e9es ne servent qu&#8217;\u00e0 vous proposer du contenu li\u00e9 \u00e0 ce qui vous a amen\u00e9 \u00e0 vous inscrire sur le site, et \u00e9ventuellement des offres \u00e9galement en lien avec cet objet. &nbsp;&nbsp;<br>Ces offres sont cibl\u00e9es, port\u00e9es par des professionnels, et n&#8217;imposent aucune obligation d&#8217;achat.<\/p>\n\n\n\n<p><strong>B.&nbsp;<\/strong>TRAITEMENT CONJOINT DES DONNEES A CARACTERE PERSONNEL<\/p>\n\n\n\n<p>Les pages du site faisant l&#8217;objet de publicit\u00e9 sur plusieurs canaux de recrutement, il est possible que vous soyez arriv\u00e9 sur cette page par le biais de votre navigation personnelle via Facebook et ses applications (Facebook, Instagram, ou sites partenaires) ou Google et ses applications (barre de recherche de Google, YouTube, ou sites partenaires. Votre utilisation de ces applications ou de ces services en ligne fait l&#8217;objet du traitement RGPD de chacun de ces sites. En aucun cas, le site&nbsp;http:\/\/www.stephanetarradeauteur.sindarick.fr\/ ne peut \u00eatre tenu responsable ou en lien avec l&#8217;exploitation de vos donn\u00e9es personnelles par les entreprises suivantes.<\/p>\n\n\n\n<p>&nbsp;&nbsp;&nbsp;&nbsp;&nbsp;&nbsp;&nbsp;&nbsp;&nbsp;&nbsp;&nbsp;&nbsp; B.1. Pour les personnes issues de ce canal de recrutement, les donn\u00e9es \u00e0 caract\u00e8re personnel sont conjointement trait\u00e9es avec Facebook&nbsp;(Facebook Ireland Limited, 4 Grand Canal Square, Grand Canal Harbour, Dublin 2, Irlande),&nbsp;conform\u00e9ment \u00e0 l\u2019article 26 du RGPD dans le cadre du traitement conjoint sp\u00e9cifi\u00e9 par les Conditions de produits applicables. La port\u00e9e du traitement conjoint et du pr\u00e9sent Avenant relatif aux responsables du traitement s\u2019\u00e9tend \u00e0 la collecte des donn\u00e9es personnelles sp\u00e9cifi\u00e9es dans les Conditions relatives aux produits applicables et \u00e0 leur communication \u00e0 Facebook Ireland, le traitement ult\u00e9rieur de ces donn\u00e9es par Facebook Ireland ne faisant pas partie du traitement conjoint.<\/p>\n\n\n\n<p>Le fait que Facebook Ireland agisse en qualit\u00e9 de responsable conjoint du traitement ainsi que les informations requises par l\u2019article&nbsp;13&nbsp;(1)&nbsp;(a) et (b) du RGPD peuvent \u00eatre consult\u00e9es dans la Politique d\u2019utilisation des donn\u00e9es de Facebook Ireland disponible \u00e0 l\u2019adresse&nbsp;<a href=\"https:\/\/www.facebook.com\/about\/privacy\">https:\/\/www.facebook.com\/about\/privacy<\/a>.<\/p>\n\n\n\n<p>De plus amples informations sur la mani\u00e8re dont Facebook Ireland traite les donn\u00e9es personnelles, y compris la base juridique sur laquelle Facebook Ireland se fonde ainsi que les moyens mis \u00e0 la disposition des personnes concern\u00e9es pour exercer leurs droits \u00e0 l\u2019encontre de Facebook Ireland, peuvent \u00eatre consult\u00e9es dans la Politique d\u2019utilisation des donn\u00e9es de Facebook Ireland disponible \u00e0 l\u2019adresse&nbsp;<a href=\"https:\/\/www.facebook.com\/about\/privacy\">https:\/\/www.facebook.com\/about\/privacy<\/a>.<\/p>\n\n\n\n<p>Le responsable de la collecte de donn\u00e9es et Facebook Ireland ont conclu le pr\u00e9sent Avenant relatif aux responsables du traitement afin de d\u00e9terminer nos responsabilit\u00e9s respectives en mati\u00e8re de respect des obligations d\u00e9coulant du RGPD concernant le traitement conjoint (tel que sp\u00e9cifi\u00e9 dans la pr\u00e9sente Politique de Confidentialit\u00e9)<br>Facebook Ireland est responsable de l\u2019activation des droits des personnes concern\u00e9es en vertu des articles 15 \u00e0 20 du RGPD concernant les donn\u00e9es personnelles stock\u00e9es par Facebook Ireland \u00e0 la suite du traitement conjoint.<\/p>\n\n\n\n<p>&nbsp;&nbsp;&nbsp;&nbsp;&nbsp;&nbsp;&nbsp;&nbsp;&nbsp;&nbsp; B.2. Pour les personnes issues de ce canal de recrutement, les donn\u00e9es \u00e0 caract\u00e8re personnel sont conjointement trait\u00e9es avec Google. Le d\u00e9tail de la politique de confidentialit\u00e9 de Google est consultable sur le lien suivant :&nbsp;https:\/\/policies.google.com\/privacy?hl=fr-CA<\/p>\n\n\n\n<p><br><strong>C.<\/strong>&nbsp;TRANSMISSION DES DONN\u00c9ES A DES TIERS<\/p>\n\n\n\n<p>Les donn\u00e9es \u00e0 caract\u00e8re personnel collect\u00e9es par le site ne sont transmises \u00e0 aucun tiers, et ne sont trait\u00e9es que par l&#8217;\u00e9diteur du site.<\/p>\n\n\n\n<p><br><strong>D.<\/strong>&nbsp;H\u00c9BERGEMENT DES DONN\u00c9ES<\/p>\n\n\n\n<p>Le site <a href=\"http:\/\/www.stephanetarradeauteur.sindarick.fr\/\">http:\/\/www.stephanetarradeauteur.sindarick.fr\/<\/a> est h\u00e9berg\u00e9 par&nbsp;: Ionos, dont le si\u00e8ge est situ\u00e9 \u00e0 l&#8217;adresse ci-apr\u00e8s&nbsp;:<\/p>\n\n\n\n<p>7 PL DE LA GARE, 57200 SARREGUEMINES<\/p>\n\n\n\n<p>Les donn\u00e9es collect\u00e9es et trait\u00e9es par le site sont exclusivement h\u00e9berg\u00e9es et trait\u00e9es en France.<\/p>\n\n\n\n<p><strong>E.&nbsp;<\/strong>SOUSTRAITANTS :<\/p>\n\n\n\n<p>La listes des sous-traitants partageants<\/p>\n\n\n\n<p><br><strong>ARTICLE 4&nbsp;: RESPONSABLE DU TRAITEMENT DES DONN\u00c9ES ET D\u00c9L\u00c9GU\u00c9 \u00c0 LA PROTECTION DES DONN\u00c9ES<\/strong>&nbsp;<\/p>\n\n\n\n<p><strong>A.&nbsp;<\/strong>LE RESPONSABLE DU TRAITEMENT DES DONN\u00c9ES<\/p>\n\n\n\n<p>Le responsable du traitement des donn\u00e9es \u00e0 caract\u00e8re personnel est&nbsp;: St\u00e9phane Tarrade. Il peut \u00eatre contact\u00e9e de la mani\u00e8re suivante&nbsp;:<\/p>\n\n\n\n<p>par mail \u00e0&nbsp;stephane.tarrade.auteur@sindarick.fr. Le responsable du traitement des donn\u00e9es est charg\u00e9 de d\u00e9terminer les finalit\u00e9s et les moyens mis au service du traitement des donn\u00e9es \u00e0 caract\u00e8re personnel.<\/p>\n\n\n\n<p><br><strong>B.&nbsp;<\/strong>OBLIGATIONS DU RESPONSABLE DU TRAITEMENT DES DONN\u00c9ES<\/p>\n\n\n\n<p>Le responsable du traitement s&#8217;engage \u00e0 prot\u00e9ger les donn\u00e9es \u00e0 caract\u00e8re personnel collect\u00e9es, \u00e0 ne pas les transmettre \u00e0 des tiers sans que l&#8217;utilisateur n&#8217;en ait \u00e9t\u00e9 inform\u00e9 et \u00e0 respecter les finalit\u00e9s pour lesquelles ces donn\u00e9es ont \u00e9t\u00e9 collect\u00e9es.<\/p>\n\n\n\n<p>Le site dispose d&#8217;un certificat SSL afin de garantir que les informations et le transfert des donn\u00e9es transitant par le site sont s\u00e9curis\u00e9s.<\/p>\n\n\n\n<p>Un certificat SSL (&#8220;Secure Socket Layer&#8221; Certificate) a pour but de s\u00e9curiser les donn\u00e9es \u00e9chang\u00e9es entre l&#8217;utilisateur et le site.<\/p>\n\n\n\n<p>De plus, le responsable du traitement des donn\u00e9es s&#8217;engage \u00e0 notifier l&#8217;utilisateur en cas de rectification ou de suppression des donn\u00e9es, \u00e0 moins que cela n&#8217;entra\u00eene pour lui des formalit\u00e9s, co\u00fbts et d\u00e9marches disproportionn\u00e9s.<\/p>\n\n\n\n<p>Dans le cas o\u00f9 l&#8217;int\u00e9grit\u00e9, la confidentialit\u00e9 ou la s\u00e9curit\u00e9 des donn\u00e9es \u00e0 caract\u00e8re personnel de l&#8217;utilisateur est compromise, le responsable du traitement s&#8217;engage \u00e0 informer l&#8217;utilisateur par tout moyen.<\/p>\n\n\n\n<p><br><strong>C.<\/strong>&nbsp;LE D\u00c9L\u00c9GU\u00c9 \u00c0 LA PROTECTION DES DONN\u00c9ES<\/p>\n\n\n\n<p>Par ailleurs, l&#8217;utilisateur est inform\u00e9 que la personne suivante a \u00e9t\u00e9 nomm\u00e9e D\u00e9l\u00e9gu\u00e9 \u00e0 la Protection des Donn\u00e9es&nbsp;: St\u00e9phane Tarrade.<\/p>\n\n\n\n<p>Le r\u00f4le du D\u00e9l\u00e9gu\u00e9 \u00e0 la Protection des Donn\u00e9es et de s&#8217;assurer la bonne mise en oeuvre des dispositions nationales et supranationales relatives \u00e0 la collecte et au traitement des donn\u00e9es \u00e0 caract\u00e8re personnel. Il peut \u00e9galement \u00eatre nomm\u00e9 DPO (pour Data Protection Officer).<\/p>\n\n\n\n<p>Le d\u00e9l\u00e9gu\u00e9 \u00e0 la protection des donn\u00e9es peut \u00eatre joint de la mani\u00e8re suivante&nbsp;:<\/p>\n\n\n\n<p>par mail \u00e0&nbsp;stephane.tarrade.auteur@sindarick.fr<\/p>\n\n\n\n<p><br><strong>ARTICLE 5&nbsp;: DROITS DE L&#8217;UTILISATEUR<\/strong><\/p>\n\n\n\n<p><br>Conform\u00e9ment \u00e0 la r\u00e9glementation concernant le traitement des donn\u00e9es \u00e0 caract\u00e8re personnel, l&#8217;utilisateur poss\u00e8de les droits ci-apr\u00e8s \u00e9num\u00e9r\u00e9s.<\/p>\n\n\n\n<p>Afin que le responsable du traitement des donn\u00e9es fasse droit \u00e0 sa demande, l&#8217;utilisateur est tenu de lui communiquer&nbsp;: ses pr\u00e9nom et nom ainsi que son adresse e-mail, et si cela est pertinent, son num\u00e9ro de compte ou d&#8217;espace personnel ou d&#8217;abonn\u00e9.<\/p>\n\n\n\n<p>Le responsable du traitement des donn\u00e9es est tenu de r\u00e9pondre \u00e0 l&#8217;utilisateur dans un d\u00e9lai de 30 (trente) jours maximum.<\/p>\n\n\n\n<p><br><strong>A.<\/strong>&nbsp;PR\u00c9SENTATION DES DROITS DE L&#8217;UTILISATEUR EN MATI\u00c8RE DE COLLECTE ET TRAITEMENT DE DONN\u00c9ES<\/p>\n\n\n\n<p><br><em>a. Droit d&#8217;acc\u00e8s, de rectification et droit \u00e0 l&#8217;effacement<\/em><\/p>\n\n\n\n<p>L&#8217;utilisateur peut prendre connaissance, mettre \u00e0 jour, modifier ou demander la suppression des donn\u00e9es le concernant, en respectant la proc\u00e9dure ci-apr\u00e8s \u00e9nonc\u00e9e&nbsp;:<\/p>\n\n\n\n<p>en contactant le responsable des donn\u00e9es, St\u00e9phane Tarrade, gr\u00e2ce \u00e0 l&#8217;adresse email suivante&nbsp;:&nbsp;stephane.tarrade.auteur@sindarick.fr<\/p>\n\n\n\n<p>S&#8217;il en poss\u00e8de un, l&#8217;utilisateur a le droit de demander la suppression de son espace personnel en suivant la proc\u00e9dure suivante&nbsp;:<\/p>\n\n\n\n<p>en contactant le responsable des donn\u00e9es, St\u00e9phane Tarrade, gr\u00e2ce \u00e0 l&#8217;adresse email suivante&nbsp;:&nbsp;<a href=\"mailto:stephane.tarrade.auteur@sindarick.fr\">stephane.tarrade.auteur@sindarick.fr<\/a><\/p>\n\n\n\n<p>Toute donn\u00e9e trait\u00e9e conjointement par Facebook doit faire l&#8217;objet d&#8217;une demande de rectification sp\u00e9cifique par l&#8217;utilisateur, en contactant lui-m\u00eame facebook via son interface personnelle, en conformit\u00e9 avec la politique de confidentialit\u00e9 de Facebook, consultable ici :&nbsp;<a href=\"https:\/\/www.facebook.com\/about\/privacy\">https:\/\/www.facebook.com\/about\/privacy<\/a>.<\/p>\n\n\n\n<p><br><em>b. Droit \u00e0 la portabilit\u00e9 des donn\u00e9es<\/em><\/p>\n\n\n\n<p>L&#8217;utilisateur a le droit de demander la portabilit\u00e9 de ses donn\u00e9es personnelles, d\u00e9tenues par le site, vers un autre site, en se conformant \u00e0 la proc\u00e9dure ci-apr\u00e8s&nbsp;:<\/p>\n\n\n\n<p>en contactant le responsable des donn\u00e9es, St\u00e9phane Tarrade, gr\u00e2ce \u00e0 l&#8217;adresse email suivante&nbsp;:&nbsp;stephane.tarrade.auteur@sindarick.fr<\/p>\n\n\n\n<p><br><em>c. Droit \u00e0 la limitation et \u00e0 l&#8217;opposition du traitement des donn\u00e9es<\/em><\/p>\n\n\n\n<p>L&#8217;utilisateur a le droit de demander la limitation ou de s&#8217;opposer au traitement de ses donn\u00e9es par le site, sans que le site ne puisse refuser, sauf \u00e0 d\u00e9montrer l&#8217;existence de motifs l\u00e9gitimes et imp\u00e9rieux, pouvant pr\u00e9valoir sur les int\u00e9r\u00eats et les droits et libert\u00e9s de l&#8217;utilisateur.<\/p>\n\n\n\n<p>Afin de demander la limitation du traitement de ses donn\u00e9es ou de formuler une opposition au traitement de ses donn\u00e9es, l&#8217;utilisateur doit suivre la proc\u00e9dure suivante&nbsp;:<\/p>\n\n\n\n<p>en contactant le responsable des donn\u00e9es, St\u00e9phane Tarrade, gr\u00e2ce \u00e0 l&#8217;adresse email suivante&nbsp;:&nbsp;stephane.tarrade.auteur@sindarick.fr<\/p>\n\n\n\n<p><br><em>d. Droit de ne pas faire l&#8217;objet d&#8217;une d\u00e9cision fond\u00e9e exclusivement sur un proc\u00e9d\u00e9 automatis\u00e9<\/em><\/p>\n\n\n\n<p>Conform\u00e9ment aux dispositions du r\u00e8glement 2016\/679, l&#8217;utilisateur a le droit de ne pas faire l&#8217;objet d&#8217;une d\u00e9cision fond\u00e9e exclusivement sur un proc\u00e9d\u00e9 automatis\u00e9 si la d\u00e9cision produit des effets juridiques le concernant, ou l&#8217;affecte de mani\u00e8re significative de fa\u00e7on similaire.<\/p>\n\n\n\n<p><br><em>e. Droit de d\u00e9terminer le sort des donn\u00e9es apr\u00e8s la mort<\/em><\/p>\n\n\n\n<p>Il est rappel\u00e9 \u00e0 l&#8217;utilisateur qu&#8217;il peut organiser quel doit \u00eatre le devenir de ses donn\u00e9es collect\u00e9es et trait\u00e9es s&#8217;il d\u00e9c\u00e8de, conform\u00e9ment \u00e0 la loi n\u00b02016-1321 du 7 octobre 2016.<\/p>\n\n\n\n<p><br><em>f. Droit de saisir l&#8217;autorit\u00e9 de contr\u00f4le comp\u00e9tente<\/em><\/p>\n\n\n\n<p>Dans le cas o\u00f9 le responsable du traitement des donn\u00e9es d\u00e9cide de ne pas r\u00e9pondre \u00e0 la demande de l&#8217;utilisateur, et que l&#8217;utilisateur souhaite contester cette d\u00e9cision, ou, s&#8217;il pense qu&#8217;il est port\u00e9 atteinte \u00e0 l&#8217;un des droits \u00e9num\u00e9r\u00e9s ci-dessus, il est en droit de saisir la CNIL (Commission Nationale de l&#8217;Informatique et des Libert\u00e9s, https:\/\/www.cnil.fr) ou tout juge comp\u00e9tent.<\/p>\n\n\n\n<p><br><strong>B.&nbsp;<\/strong>DONN\u00c9ES PERSONNELLES DES PERSONNES MINEURES<\/p>\n\n\n\n<p>Conform\u00e9ment aux dispositions de l&#8217;article 8 du r\u00e8glement europ\u00e9en 2016\/679 et \u00e0 la loi Informatique et Libert\u00e9s, seuls les mineurs \u00e2g\u00e9s de 15 ans ou plus peuvent consentir au traitement de leurs donn\u00e9es personnelles.<\/p>\n\n\n\n<p>Si l&#8217;utilisateur est un mineur de moins de 15 ans, l&#8217;accord d&#8217;un repr\u00e9sentant l\u00e9gal sera requis afin que des donn\u00e9es \u00e0 caract\u00e8re personnel puissent \u00eatre collect\u00e9es et trait\u00e9es.<\/p>\n\n\n\n<p>L&#8217;\u00e9diteur du site se r\u00e9serve le droit de v\u00e9rifier par tout moyen que l&#8217;utilisateur est \u00e2g\u00e9 de plus de 15 ans, ou qu&#8217;il aura obtenu l&#8217;accord d&#8217;un repr\u00e9sentant l\u00e9gal avant de naviguer sur le site.<\/p>\n\n\n\n<p><br><strong>ARTICLE 6&nbsp;: CONDITIONS DE MODIFICATION DE LA POLITIQUE DE CONFIDENTIALIT\u00c9<\/strong><\/p>\n\n\n\n<p><br>La pr\u00e9sente politique de confidentialit\u00e9 peut \u00eatre consult\u00e9e \u00e0 tout moment \u00e0 l&#8217;adresse ci-apr\u00e8s indiqu\u00e9e&nbsp;:<\/p>\n\n\n\n<p><a href=\"https:\/\/www.sindarick.fr\/wordpress\/?page_id=799\">https:\/\/www.sindarick.fr\/wordpress\/?page_id=799<\/a><\/p>\n\n\n\n<p>L&#8217;\u00e9diteur du site se r\u00e9serve le droit de la modifier afin de garantir sa conformit\u00e9 avec le droit en vigueur.<\/p>\n\n\n\n<p>Par cons\u00e9quent, l&#8217;utilisateur est invit\u00e9 \u00e0 venir consulter r\u00e9guli\u00e8rement cette politique de confidentialit\u00e9 afin de se tenir inform\u00e9 des derniers changements qui lui seront apport\u00e9s.<\/p>\n\n\n\n<p>Toutefois, en cas de modification substantielle de cette politique, l&#8217;utilisateur en sera inform\u00e9 de la mani\u00e8re suivante&nbsp;:<\/p>\n\n\n\n<p>vous recevrez un email de la part de&nbsp;stephane.tarrade.auteur@sindarick.fr Il est port\u00e9 \u00e0 la connaissance de l&#8217;utilisateur que la derni\u00e8re mise \u00e0 jour de la pr\u00e9sente politique de confidentialit\u00e9 est intervenue le&nbsp;: 22\/10\/2021.<\/p>\n\n\n\n<p><br><strong>ARTICLE 7&nbsp;: ACCEPTATION PAR L&#8217;UTILISATEUR DE LA POLITIQUE DE CONFIDENTIALIT\u00c9<\/strong><\/p>\n\n\n\n<p><br>En naviguant sur le site, l&#8217;utilisateur atteste avoir lu et compris la pr\u00e9sente politique de confidentialit\u00e9 et en accepte les conditions, en ce qui concerne plus particuli\u00e8rement la collecte et le traitement de ses donn\u00e9es \u00e0 caract\u00e8re personnel.<\/p>\n","protected":false},"excerpt":{"rendered":"<p>POLITIQUE DE CONFIDENTIALIT\u00c9 DU SITE&nbsp;: http:\/\/www.stephanetarradeauteur.sindarick.fr\/ ARTICLE 1&nbsp;: PR\u00c9AMBULE Cette politique de confidentialit\u00e9 s&#8217;applique au site&nbsp;:&nbsp; http:\/\/www.stephanetarradeauteur.sindarick.fr\/ La pr\u00e9sente politique de confidentialit\u00e9 a pour but d&#8217;exposer aux utilisateurs du site&nbsp;: La mani\u00e8re dont sont collect\u00e9es et trait\u00e9es leurs donn\u00e9es \u00e0 caract\u00e8re personnel. Doivent \u00eatre consid\u00e9r\u00e9es comme donn\u00e9es personnelles toutes les donn\u00e9es \u00e9tant susceptibles d&#8217;identifier un &hellip; <\/p>\n<p class=\"link-more\"><a href=\"https:\/\/www.sindarick.fr\/wordpress\/?page_id=799\" class=\"more-link\">Continuer la lecture<span class=\"screen-reader-text\"> de &laquo;&nbsp;Politique de confidentialit\u00e9&nbsp;&raquo;<\/span><\/a><\/p>\n","protected":false},"author":1,"featured_media":0,"parent":0,"menu_order":0,"comment_status":"closed","ping_status":"closed","template":"","meta":{"footnotes":""},"class_list":["post-799","page","type-page","status-publish","hentry"],"_links":{"self":[{"href":"https:\/\/www.sindarick.fr\/wordpress\/index.php?rest_route=\/wp\/v2\/pages\/799","targetHints":{"allow":["GET"]}}],"collection":[{"href":"https:\/\/www.sindarick.fr\/wordpress\/index.php?rest_route=\/wp\/v2\/pages"}],"about":[{"href":"https:\/\/www.sindarick.fr\/wordpress\/index.php?rest_route=\/wp\/v2\/types\/page"}],"author":[{"embeddable":true,"href":"https:\/\/www.sindarick.fr\/wordpress\/index.php?rest_route=\/wp\/v2\/users\/1"}],"replies":[{"embeddable":true,"href":"https:\/\/www.sindarick.fr\/wordpress\/index.php?rest_route=%2Fwp%2Fv2%2Fcomments&post=799"}],"version-history":[{"count":1,"href":"https:\/\/www.sindarick.fr\/wordpress\/index.php?rest_route=\/wp\/v2\/pages\/799\/revisions"}],"predecessor-version":[{"id":801,"href":"https:\/\/www.sindarick.fr\/wordpress\/index.php?rest_route=\/wp\/v2\/pages\/799\/revisions\/801"}],"wp:attachment":[{"href":"https:\/\/www.sindarick.fr\/wordpress\/index.php?rest_route=%2Fwp%2Fv2%2Fmedia&parent=799"}],"curies":[{"name":"wp","href":"https:\/\/api.w.org\/{rel}","templated":true}]}}